{"id":187,"date":"2024-06-07T21:39:15","date_gmt":"2024-06-07T21:39:15","guid":{"rendered":"https:\/\/accumallorca.org\/?page_id=187"},"modified":"2024-07-08T11:07:52","modified_gmt":"2024-07-08T11:07:52","slug":"colitis-ulcerosa","status":"publish","type":"page","link":"https:\/\/accumallorca.org\/index.php\/colitis-ulcerosa\/","title":{"rendered":"Colitis ulcerosa"},"content":{"rendered":"\n<p>La colitis ulcerosa&nbsp;tambi\u00e9n es una<strong>&nbsp;patolog\u00eda inflamatoria cr\u00f3nica, de origen autoinmune<\/strong>, que&nbsp;tiene su actividad m\u00e1s localizada&nbsp;que la enfermedad de Crohn.<\/p>\n\n\n\n<p>La enfermedad afecta al colon (intestino grueso) que incluye el recto y el ano,&nbsp;da\u00f1ando el revestimiento interno del tejido intestinal. Suele presentarse de manera continua. Comienza siempre en el ano y se extiende m\u00e1s o menos hacia el resto de colon, seg\u00fan cada paciente. Al igual que la enfermedad de Crohn,<strong>&nbsp;cursa con etapas de brote (activas) y de remisi\u00f3n (sin actividad inflamatoria)<\/strong><\/p>\n\n\n\n<p><strong>S\u00edntomas<\/strong><\/p>\n\n\n<div class=\"wp-block-image\">\n<figure class=\"aligncenter\"><a href=\"http:\/\/docs.gestionaweb.cat\/1160\/intestinal-02-2.pdf\"><img decoding=\"async\" src=\"https:\/\/accuesp.com\/files\/images\/4\/5\/thumbnails\/thumbnail_100\/56f3b75ac8a20.jpeg\" alt=\"Infograf\u00eda &quot;10 Claves para mejorar la calidad de vida de los pacientes con EII&quot;. ACCU Catalunya\"\/><\/a><figcaption class=\"wp-element-caption\">Infograf\u00eda \u00ab10 Claves para mejorar la calidad de vida de los pacientes con EII\u00bb. ACCU Catalunya<\/figcaption><\/figure>\n<\/div>\n\n\n<p>Los&nbsp;<strong>s\u00edntomas m\u00e1s frecuentes&nbsp;<\/strong>en la colitis ulcerosa son:<\/p>\n\n\n\n<ul class=\"wp-block-list\">\n<li>Diarrea con moco y sangre. A veces puede haber estre\u00f1imiento<\/li>\n\n\n\n<li>Dolor abdominal<\/li>\n\n\n\n<li>P\u00e9rdida de peso<\/li>\n\n\n\n<li>Anemia<\/li>\n\n\n\n<li>Fiebre<\/li>\n\n\n\n<li>Malestar general y debilidad<\/li>\n<\/ul>\n\n\n\n<p>Tambi\u00e9n<strong>&nbsp;hay&nbsp;manifestaciones extraintestinales<\/strong>&nbsp;como dolores articulares, piedras en la ves\u00edcula, manchas en la piel e inflamaci\u00f3n en los ojos.<\/p>\n\n\n\n<p><strong>\u00bfSe puede curar?<\/strong><\/p>\n\n\n\n<p>Al igual que no sabemos la causa de la colitis ulcerosa tampoco conocemos su cura.&nbsp;&nbsp;<\/p>\n\n\n\n<p>Sin embargo, si los s\u00edntomas son severos y\u00a0el paciente no responde a los tratamientos o hay riesgo de complicaciones,\u00a0<strong>el\u00a0cirujano puede considerar la\u00a0la opci\u00f3n de colectom\u00eda y reconstrucci\u00f3n del tr\u00e1nsito intestinal mediante un reservorio \u00a0o de\u00a0extirpar\u00a0el colon<\/strong>. La extirpaci\u00f3n total del colon y recto (protecolectom\u00eda total y la realizaci\u00f3n de una\u00a0ostom\u00eda) se considera \u00abcurativa\u00bb de la enfermedad.\u00a0Sin embargo, y aunque es la mejor alternativa en algunos casos, esta opci\u00f3n se considera de forma individualizada, paciente a paciente, generalmente tras el fracaso del resto de tratamientos\u00a0<\/p>\n\n\n\n<p><strong>\u00bfNecesitas m\u00e1s informaci\u00f3n?<\/strong><\/p>\n\n\n\n<p>ACCU\u202fes una fuente&nbsp;veraz&nbsp;de informaci\u00f3n sobre el cuidado de nuestra salud en relaci\u00f3n a la enfermedad inflamatoria intestinal.&nbsp;&nbsp;<\/p>\n\n\n\n<p>Adem\u00e1s de la informaci\u00f3n en nuestra web, en\u00a0tu sede m\u00e1s cercana\u00a0podr\u00e1s incluso acceder a experiencias de primera mano de pacientes que conocen cual es la situaci\u00f3n por la que est\u00e1s pasando y compartir con ellos, y a los profesionales y voluntarios que nos acompa\u00f1an,\u00a0alternativas que te permitan superar algunos de los desaf\u00edos que se te presentan como paciente a nivel personal, social, educativo y laboral.<\/p>\n\n\n\n<p><\/p>\n","protected":false},"excerpt":{"rendered":"<p>La colitis ulcerosa&nbsp;tambi\u00e9n es una&nbsp;patolog\u00eda inflamatoria cr\u00f3nica, de origen autoinmune, que&nbsp;tiene su actividad m\u00e1s localizada&nbsp;que la enfermedad de Crohn. La enfermedad afecta al colon (intestino grueso) que incluye el recto&#8230;<\/p>\n<div class='heateorSssClear'><\/div><div  class='heateor_sss_sharing_container heateor_sss_horizontal_sharing' data-heateor-sss-href='https:\/\/accumallorca.org\/index.php\/colitis-ulcerosa\/'><div class='heateor_sss_sharing_title' style=\"font-weight:bold\" >Compartelo en tus redes sociales<\/div><div class=\"heateor_sss_sharing_ul\"><a aria-label=\"Facebook\" class=\"heateor_sss_facebook\" href=\"https:\/\/www.facebook.com\/sharer\/sharer.php?u=https%3A%2F%2Faccumallorca.org%2Findex.php%2Fcolitis-ulcerosa%2F\" title=\"Facebook\" rel=\"nofollow noopener\" target=\"_blank\" style=\"font-size:32px!important;box-shadow:none;display:inline-block;vertical-align:middle\"><span class=\"heateor_sss_svg\" style=\"background-color:#0765FE;width:35px;height:35px;border-radius:999px;display:inline-block;opacity:1;float:left;font-size:32px;box-shadow:none;display:inline-block;font-size:16px;padding:0 4px;vertical-align:middle;background-repeat:repeat;overflow:hidden;padding:0;cursor:pointer;box-sizing:content-box\"><svg style=\"display:block;border-radius:999px;\" focusable=\"false\" aria-hidden=\"true\" xmlns=\"http:\/\/www.w3.org\/2000\/svg\" width=\"100%\" height=\"100%\" viewBox=\"0 0 32 32\"><path fill=\"#fff\" d=\"M28 16c0-6.627-5.373-12-12-12S4 9.373 4 16c0 5.628 3.875 10.35 9.101 11.647v-7.98h-2.474V16H13.1v-1.58c0-4.085 1.849-5.978 5.859-5.978.76 0 2.072.15 2.608.298v3.325c-.283-.03-.775-.045-1.386-.045-1.967 0-2.728.745-2.728 2.683V16h3.92l-.673 3.667h-3.247v8.245C23.395 27.195 28 22.135 28 16Z\"><\/path><\/svg><\/span><\/a><a aria-label=\"X\" class=\"heateor_sss_button_x\" href=\"https:\/\/twitter.com\/intent\/tweet?text=Colitis%20ulcerosa&url=https%3A%2F%2Faccumallorca.org%2Findex.php%2Fcolitis-ulcerosa%2F\" title=\"X\" rel=\"nofollow noopener\" target=\"_blank\" style=\"font-size:32px!important;box-shadow:none;display:inline-block;vertical-align:middle\"><span class=\"heateor_sss_svg heateor_sss_s__default heateor_sss_s_x\" style=\"background-color:#2a2a2a;width:35px;height:35px;border-radius:999px;display:inline-block;opacity:1;float:left;font-size:32px;box-shadow:none;display:inline-block;font-size:16px;padding:0 4px;vertical-align:middle;background-repeat:repeat;overflow:hidden;padding:0;cursor:pointer;box-sizing:content-box\"><svg width=\"100%\" height=\"100%\" style=\"display:block;border-radius:999px;\" focusable=\"false\" aria-hidden=\"true\" xmlns=\"http:\/\/www.w3.org\/2000\/svg\" viewBox=\"0 0 32 32\"><path fill=\"#fff\" d=\"M21.751 7h3.067l-6.7 7.658L26 25.078h-6.172l-4.833-6.32-5.531 6.32h-3.07l7.167-8.19L6 7h6.328l4.37 5.777L21.75 7Zm-1.076 16.242h1.7L11.404 8.74H9.58l11.094 14.503Z\"><\/path><\/svg><\/span><\/a><a aria-label=\"Linkedin\" class=\"heateor_sss_button_linkedin\" href=\"https:\/\/www.linkedin.com\/sharing\/share-offsite\/?url=https%3A%2F%2Faccumallorca.org%2Findex.php%2Fcolitis-ulcerosa%2F\" title=\"Linkedin\" rel=\"nofollow noopener\" target=\"_blank\" style=\"font-size:32px!important;box-shadow:none;display:inline-block;vertical-align:middle\"><span class=\"heateor_sss_svg heateor_sss_s__default heateor_sss_s_linkedin\" style=\"background-color:#0077b5;width:35px;height:35px;border-radius:999px;display:inline-block;opacity:1;float:left;font-size:32px;box-shadow:none;display:inline-block;font-size:16px;padding:0 4px;vertical-align:middle;background-repeat:repeat;overflow:hidden;padding:0;cursor:pointer;box-sizing:content-box\"><svg style=\"display:block;border-radius:999px;\" focusable=\"false\" aria-hidden=\"true\" xmlns=\"http:\/\/www.w3.org\/2000\/svg\" width=\"100%\" height=\"100%\" viewBox=\"0 0 32 32\"><path d=\"M6.227 12.61h4.19v13.48h-4.19V12.61zm2.095-6.7a2.43 2.43 0 0 1 0 4.86c-1.344 0-2.428-1.09-2.428-2.43s1.084-2.43 2.428-2.43m4.72 6.7h4.02v1.84h.058c.56-1.058 1.927-2.176 3.965-2.176 4.238 0 5.02 2.792 5.02 6.42v7.395h-4.183v-6.56c0-1.564-.03-3.574-2.178-3.574-2.18 0-2.514 1.7-2.514 3.46v6.668h-4.187V12.61z\" fill=\"#fff\"><\/path><\/svg><\/span><\/a><a aria-label=\"Whatsapp\" class=\"heateor_sss_whatsapp\" href=\"https:\/\/api.whatsapp.com\/send?text=Colitis%20ulcerosa%20https%3A%2F%2Faccumallorca.org%2Findex.php%2Fcolitis-ulcerosa%2F\" title=\"Whatsapp\" rel=\"nofollow noopener\" target=\"_blank\" style=\"font-size:32px!important;box-shadow:none;display:inline-block;vertical-align:middle\"><span class=\"heateor_sss_svg\" style=\"background-color:#55eb4c;width:35px;height:35px;border-radius:999px;display:inline-block;opacity:1;float:left;font-size:32px;box-shadow:none;display:inline-block;font-size:16px;padding:0 4px;vertical-align:middle;background-repeat:repeat;overflow:hidden;padding:0;cursor:pointer;box-sizing:content-box\"><svg style=\"display:block;border-radius:999px;\" focusable=\"false\" aria-hidden=\"true\" xmlns=\"http:\/\/www.w3.org\/2000\/svg\" width=\"100%\" height=\"100%\" viewBox=\"-6 -5 40 40\"><path class=\"heateor_sss_svg_stroke heateor_sss_no_fill\" stroke=\"#fff\" stroke-width=\"2\" fill=\"none\" d=\"M 11.579798566743314 24.396926207859085 A 10 10 0 1 0 6.808479557110079 20.73576436351046\"><\/path><path d=\"M 7 19 l -1 6 l 6 -1\" class=\"heateor_sss_no_fill heateor_sss_svg_stroke\" stroke=\"#fff\" stroke-width=\"2\" fill=\"none\"><\/path><path d=\"M 10 10 q -1 8 8 11 c 5 -1 0 -6 -1 -3 q -4 -3 -5 -5 c 4 -2 -1 -5 -1 -4\" fill=\"#fff\"><\/path><\/svg><\/span><\/a><a aria-label=\"Instagram\" class=\"heateor_sss_button_instagram\" href=\"https:\/\/www.instagram.com\/\" title=\"Instagram\" rel=\"nofollow noopener\" target=\"_blank\" style=\"font-size:32px!important;box-shadow:none;display:inline-block;vertical-align:middle\"><span class=\"heateor_sss_svg\" style=\"background-color:#53beee;width:35px;height:35px;border-radius:999px;display:inline-block;opacity:1;float:left;font-size:32px;box-shadow:none;display:inline-block;font-size:16px;padding:0 4px;vertical-align:middle;background-repeat:repeat;overflow:hidden;padding:0;cursor:pointer;box-sizing:content-box\"><svg style=\"display:block;border-radius:999px;\" version=\"1.1\" viewBox=\"-10 -10 148 148\" width=\"100%\" height=\"100%\" xml:space=\"preserve\" xmlns=\"http:\/\/www.w3.org\/2000\/svg\" xmlns:xlink=\"http:\/\/www.w3.org\/1999\/xlink\"><g><g><path d=\"M86,112H42c-14.336,0-26-11.663-26-26V42c0-14.337,11.664-26,26-26h44c14.337,0,26,11.663,26,26v44 C112,100.337,100.337,112,86,112z M42,24c-9.925,0-18,8.074-18,18v44c0,9.925,8.075,18,18,18h44c9.926,0,18-8.075,18-18V42 c0-9.926-8.074-18-18-18H42z\" fill=\"#fff\"><\/path><\/g><g><path d=\"M64,88c-13.234,0-24-10.767-24-24c0-13.234,10.766-24,24-24s24,10.766,24,24C88,77.233,77.234,88,64,88z M64,48c-8.822,0-16,7.178-16,16s7.178,16,16,16c8.822,0,16-7.178,16-16S72.822,48,64,48z\" fill=\"#fff\"><\/path><\/g><g><circle cx=\"89.5\" cy=\"38.5\" fill=\"#fff\" r=\"5.5\"><\/circle><\/g><\/g><\/svg><\/span><\/a><a aria-label=\"Telegram\" class=\"heateor_sss_button_telegram\" href=\"https:\/\/telegram.me\/share\/url?url=https%3A%2F%2Faccumallorca.org%2Findex.php%2Fcolitis-ulcerosa%2F&text=Colitis%20ulcerosa\" title=\"Telegram\" rel=\"nofollow noopener\" target=\"_blank\" style=\"font-size:32px!important;box-shadow:none;display:inline-block;vertical-align:middle\"><span class=\"heateor_sss_svg heateor_sss_s__default heateor_sss_s_telegram\" style=\"background-color:#3da5f1;width:35px;height:35px;border-radius:999px;display:inline-block;opacity:1;float:left;font-size:32px;box-shadow:none;display:inline-block;font-size:16px;padding:0 4px;vertical-align:middle;background-repeat:repeat;overflow:hidden;padding:0;cursor:pointer;box-sizing:content-box\"><svg style=\"display:block;border-radius:999px;\" focusable=\"false\" aria-hidden=\"true\" xmlns=\"http:\/\/www.w3.org\/2000\/svg\" width=\"100%\" height=\"100%\" viewBox=\"0 0 32 32\"><path fill=\"#fff\" d=\"M25.515 6.896L6.027 14.41c-1.33.534-1.322 1.276-.243 1.606l5 1.56 1.72 5.66c.226.625.115.873.77.873.506 0 .73-.235 1.012-.51l2.43-2.363 5.056 3.734c.93.514 1.602.25 1.834-.863l3.32-15.638c.338-1.363-.52-1.98-1.41-1.577z\"><\/path><\/svg><\/span><\/a><\/div><div class=\"heateorSssClear\"><\/div><\/div><div class='heateorSssClear'><\/div>","protected":false},"author":2,"featured_media":0,"parent":0,"menu_order":0,"comment_status":"closed","ping_status":"closed","template":"","meta":{"_EventAllDay":false,"_EventTimezone":"","_EventStartDate":"","_EventEndDate":"","_EventStartDateUTC":"","_EventEndDateUTC":"","_EventShowMap":false,"_EventShowMapLink":false,"_EventURL":"","_EventCost":"","_EventCostDescription":"","_EventCurrencySymbol":"","_EventCurrencyCode":"","_EventCurrencyPosition":"","_EventDateTimeSeparator":"","_EventTimeRangeSeparator":"","_EventOrganizerID":[],"_EventVenueID":[],"_OrganizerEmail":"","_OrganizerPhone":"","_OrganizerWebsite":"","_VenueAddress":"","_VenueCity":"","_VenueCountry":"","_VenueProvince":"","_VenueState":"","_VenueZip":"","_VenuePhone":"","_VenueURL":"","_VenueStateProvince":"","_VenueLat":"","_VenueLng":"","_VenueShowMap":false,"_VenueShowMapLink":false,"_kad_post_transparent":"","_kad_post_title":"show","_kad_post_layout":"normal","_kad_post_sidebar_id":"","_kad_post_content_style":"","_kad_post_vertical_padding":"","_kad_post_feature":"","_kad_post_feature_position":"","_kad_post_header":false,"_kad_post_footer":false,"_kad_post_classname":"","footnotes":""},"class_list":["post-187","page","type-page","status-publish","hentry"],"yoast_head":"<!-- This site is optimized with the Yoast SEO plugin v27.5 - https:\/\/yoast.com\/product\/yoast-seo-wordpress\/ -->\n<title>Colitis ulcerosa - ACCU Mallorca<\/title>\n<meta name=\"robots\" content=\"index, follow, max-snippet:-1, max-image-preview:large, max-video-preview:-1\" \/>\n<link rel=\"canonical\" href=\"https:\/\/accumallorca.org\/index.php\/colitis-ulcerosa\/\" \/>\n<meta property=\"og:locale\" content=\"es_ES\" \/>\n<meta property=\"og:type\" content=\"article\" \/>\n<meta property=\"og:title\" content=\"Colitis ulcerosa - ACCU Mallorca\" \/>\n<meta property=\"og:description\" content=\"La colitis ulcerosa&nbsp;tambi\u00e9n es una&nbsp;patolog\u00eda inflamatoria cr\u00f3nica, de origen autoinmune, que&nbsp;tiene su actividad m\u00e1s localizada&nbsp;que la enfermedad de Crohn. La enfermedad afecta al colon (intestino grueso) que incluye el recto...\" \/>\n<meta property=\"og:url\" content=\"https:\/\/accumallorca.org\/index.php\/colitis-ulcerosa\/\" \/>\n<meta property=\"og:site_name\" content=\"ACCU Mallorca\" \/>\n<meta property=\"article:publisher\" content=\"https:\/\/www.facebook.com\/profile.php?id=100089161805064&amp;comment_id=Y29tbWVudDo1NzU2ODAyNDY0NDQxMzgzXzkwOTQ5NjMxNjkyOTI0NQ&amp;locale=es_ES\" \/>\n<meta property=\"article:modified_time\" content=\"2024-07-08T11:07:52+00:00\" \/>\n<meta property=\"og:image\" content=\"https:\/\/accuesp.com\/files\/images\/4\/5\/thumbnails\/thumbnail_100\/56f3b75ac8a20.jpeg\" \/>\n<meta name=\"twitter:card\" content=\"summary_large_image\" \/>\n<meta name=\"twitter:label1\" content=\"Tiempo de lectura\" \/>\n\t<meta name=\"twitter:data1\" content=\"2 minutos\" \/>\n<script type=\"application\/ld+json\" class=\"yoast-schema-graph\">{\"@context\":\"https:\\\/\\\/schema.org\",\"@graph\":[{\"@type\":\"WebPage\",\"@id\":\"https:\\\/\\\/accumallorca.org\\\/index.php\\\/colitis-ulcerosa\\\/\",\"url\":\"https:\\\/\\\/accumallorca.org\\\/index.php\\\/colitis-ulcerosa\\\/\",\"name\":\"Colitis ulcerosa - ACCU Mallorca\",\"isPartOf\":{\"@id\":\"https:\\\/\\\/accumallorca.org\\\/#website\"},\"primaryImageOfPage\":{\"@id\":\"https:\\\/\\\/accumallorca.org\\\/index.php\\\/colitis-ulcerosa\\\/#primaryimage\"},\"image\":{\"@id\":\"https:\\\/\\\/accumallorca.org\\\/index.php\\\/colitis-ulcerosa\\\/#primaryimage\"},\"thumbnailUrl\":\"https:\\\/\\\/accuesp.com\\\/files\\\/images\\\/4\\\/5\\\/thumbnails\\\/thumbnail_100\\\/56f3b75ac8a20.jpeg\",\"datePublished\":\"2024-06-07T21:39:15+00:00\",\"dateModified\":\"2024-07-08T11:07:52+00:00\",\"breadcrumb\":{\"@id\":\"https:\\\/\\\/accumallorca.org\\\/index.php\\\/colitis-ulcerosa\\\/#breadcrumb\"},\"inLanguage\":\"es\",\"potentialAction\":[{\"@type\":\"ReadAction\",\"target\":[\"https:\\\/\\\/accumallorca.org\\\/index.php\\\/colitis-ulcerosa\\\/\"]}]},{\"@type\":\"ImageObject\",\"inLanguage\":\"es\",\"@id\":\"https:\\\/\\\/accumallorca.org\\\/index.php\\\/colitis-ulcerosa\\\/#primaryimage\",\"url\":\"https:\\\/\\\/accuesp.com\\\/files\\\/images\\\/4\\\/5\\\/thumbnails\\\/thumbnail_100\\\/56f3b75ac8a20.jpeg\",\"contentUrl\":\"https:\\\/\\\/accuesp.com\\\/files\\\/images\\\/4\\\/5\\\/thumbnails\\\/thumbnail_100\\\/56f3b75ac8a20.jpeg\"},{\"@type\":\"BreadcrumbList\",\"@id\":\"https:\\\/\\\/accumallorca.org\\\/index.php\\\/colitis-ulcerosa\\\/#breadcrumb\",\"itemListElement\":[{\"@type\":\"ListItem\",\"position\":1,\"name\":\"Portada\",\"item\":\"https:\\\/\\\/accumallorca.org\\\/\"},{\"@type\":\"ListItem\",\"position\":2,\"name\":\"Colitis ulcerosa\"}]},{\"@type\":\"WebSite\",\"@id\":\"https:\\\/\\\/accumallorca.org\\\/#website\",\"url\":\"https:\\\/\\\/accumallorca.org\\\/\",\"name\":\"ACCU Mallorca\",\"description\":\"Enfermos de EII\",\"publisher\":{\"@id\":\"https:\\\/\\\/accumallorca.org\\\/#organization\"},\"potentialAction\":[{\"@type\":\"SearchAction\",\"target\":{\"@type\":\"EntryPoint\",\"urlTemplate\":\"https:\\\/\\\/accumallorca.org\\\/?s={search_term_string}\"},\"query-input\":{\"@type\":\"PropertyValueSpecification\",\"valueRequired\":true,\"valueName\":\"search_term_string\"}}],\"inLanguage\":\"es\"},{\"@type\":\"Organization\",\"@id\":\"https:\\\/\\\/accumallorca.org\\\/#organization\",\"name\":\"ACCU Mallorca\",\"url\":\"https:\\\/\\\/accumallorca.org\\\/\",\"logo\":{\"@type\":\"ImageObject\",\"inLanguage\":\"es\",\"@id\":\"https:\\\/\\\/accumallorca.org\\\/#\\\/schema\\\/logo\\\/image\\\/\",\"url\":\"https:\\\/\\\/accumallorca.org\\\/wp-content\\\/uploads\\\/2024\\\/06\\\/cropped-Logo-suspendido-2.png\",\"contentUrl\":\"https:\\\/\\\/accumallorca.org\\\/wp-content\\\/uploads\\\/2024\\\/06\\\/cropped-Logo-suspendido-2.png\",\"width\":160,\"height\":160,\"caption\":\"ACCU Mallorca\"},\"image\":{\"@id\":\"https:\\\/\\\/accumallorca.org\\\/#\\\/schema\\\/logo\\\/image\\\/\"},\"sameAs\":[\"https:\\\/\\\/www.facebook.com\\\/profile.php?id=100089161805064&comment_id=Y29tbWVudDo1NzU2ODAyNDY0NDQxMzgzXzkwOTQ5NjMxNjkyOTI0NQ&locale=es_ES\"]}]}<\/script>\n<!-- \/ Yoast SEO plugin. -->","yoast_head_json":{"title":"Colitis ulcerosa - ACCU Mallorca","robots":{"index":"index","follow":"follow","max-snippet":"max-snippet:-1","max-image-preview":"max-image-preview:large","max-video-preview":"max-video-preview:-1"},"canonical":"https:\/\/accumallorca.org\/index.php\/colitis-ulcerosa\/","og_locale":"es_ES","og_type":"article","og_title":"Colitis ulcerosa - ACCU Mallorca","og_description":"La colitis ulcerosa&nbsp;tambi\u00e9n es una&nbsp;patolog\u00eda inflamatoria cr\u00f3nica, de origen autoinmune, que&nbsp;tiene su actividad m\u00e1s localizada&nbsp;que la enfermedad de Crohn. La enfermedad afecta al colon (intestino grueso) que incluye el recto...","og_url":"https:\/\/accumallorca.org\/index.php\/colitis-ulcerosa\/","og_site_name":"ACCU Mallorca","article_publisher":"https:\/\/www.facebook.com\/profile.php?id=100089161805064&comment_id=Y29tbWVudDo1NzU2ODAyNDY0NDQxMzgzXzkwOTQ5NjMxNjkyOTI0NQ&locale=es_ES","article_modified_time":"2024-07-08T11:07:52+00:00","og_image":[{"url":"https:\/\/accuesp.com\/files\/images\/4\/5\/thumbnails\/thumbnail_100\/56f3b75ac8a20.jpeg","type":"","width":"","height":""}],"twitter_card":"summary_large_image","twitter_misc":{"Tiempo de lectura":"2 minutos"},"schema":{"@context":"https:\/\/schema.org","@graph":[{"@type":"WebPage","@id":"https:\/\/accumallorca.org\/index.php\/colitis-ulcerosa\/","url":"https:\/\/accumallorca.org\/index.php\/colitis-ulcerosa\/","name":"Colitis ulcerosa - ACCU Mallorca","isPartOf":{"@id":"https:\/\/accumallorca.org\/#website"},"primaryImageOfPage":{"@id":"https:\/\/accumallorca.org\/index.php\/colitis-ulcerosa\/#primaryimage"},"image":{"@id":"https:\/\/accumallorca.org\/index.php\/colitis-ulcerosa\/#primaryimage"},"thumbnailUrl":"https:\/\/accuesp.com\/files\/images\/4\/5\/thumbnails\/thumbnail_100\/56f3b75ac8a20.jpeg","datePublished":"2024-06-07T21:39:15+00:00","dateModified":"2024-07-08T11:07:52+00:00","breadcrumb":{"@id":"https:\/\/accumallorca.org\/index.php\/colitis-ulcerosa\/#breadcrumb"},"inLanguage":"es","potentialAction":[{"@type":"ReadAction","target":["https:\/\/accumallorca.org\/index.php\/colitis-ulcerosa\/"]}]},{"@type":"ImageObject","inLanguage":"es","@id":"https:\/\/accumallorca.org\/index.php\/colitis-ulcerosa\/#primaryimage","url":"https:\/\/accuesp.com\/files\/images\/4\/5\/thumbnails\/thumbnail_100\/56f3b75ac8a20.jpeg","contentUrl":"https:\/\/accuesp.com\/files\/images\/4\/5\/thumbnails\/thumbnail_100\/56f3b75ac8a20.jpeg"},{"@type":"BreadcrumbList","@id":"https:\/\/accumallorca.org\/index.php\/colitis-ulcerosa\/#breadcrumb","itemListElement":[{"@type":"ListItem","position":1,"name":"Portada","item":"https:\/\/accumallorca.org\/"},{"@type":"ListItem","position":2,"name":"Colitis ulcerosa"}]},{"@type":"WebSite","@id":"https:\/\/accumallorca.org\/#website","url":"https:\/\/accumallorca.org\/","name":"ACCU Mallorca","description":"Enfermos de EII","publisher":{"@id":"https:\/\/accumallorca.org\/#organization"},"potentialAction":[{"@type":"SearchAction","target":{"@type":"EntryPoint","urlTemplate":"https:\/\/accumallorca.org\/?s={search_term_string}"},"query-input":{"@type":"PropertyValueSpecification","valueRequired":true,"valueName":"search_term_string"}}],"inLanguage":"es"},{"@type":"Organization","@id":"https:\/\/accumallorca.org\/#organization","name":"ACCU Mallorca","url":"https:\/\/accumallorca.org\/","logo":{"@type":"ImageObject","inLanguage":"es","@id":"https:\/\/accumallorca.org\/#\/schema\/logo\/image\/","url":"https:\/\/accumallorca.org\/wp-content\/uploads\/2024\/06\/cropped-Logo-suspendido-2.png","contentUrl":"https:\/\/accumallorca.org\/wp-content\/uploads\/2024\/06\/cropped-Logo-suspendido-2.png","width":160,"height":160,"caption":"ACCU Mallorca"},"image":{"@id":"https:\/\/accumallorca.org\/#\/schema\/logo\/image\/"},"sameAs":["https:\/\/www.facebook.com\/profile.php?id=100089161805064&comment_id=Y29tbWVudDo1NzU2ODAyNDY0NDQxMzgzXzkwOTQ5NjMxNjkyOTI0NQ&locale=es_ES"]}]}},"_links":{"self":[{"href":"https:\/\/accumallorca.org\/index.php\/wp-json\/wp\/v2\/pages\/187","targetHints":{"allow":["GET"]}}],"collection":[{"href":"https:\/\/accumallorca.org\/index.php\/wp-json\/wp\/v2\/pages"}],"about":[{"href":"https:\/\/accumallorca.org\/index.php\/wp-json\/wp\/v2\/types\/page"}],"author":[{"embeddable":true,"href":"https:\/\/accumallorca.org\/index.php\/wp-json\/wp\/v2\/users\/2"}],"replies":[{"embeddable":true,"href":"https:\/\/accumallorca.org\/index.php\/wp-json\/wp\/v2\/comments?post=187"}],"version-history":[{"count":1,"href":"https:\/\/accumallorca.org\/index.php\/wp-json\/wp\/v2\/pages\/187\/revisions"}],"predecessor-version":[{"id":188,"href":"https:\/\/accumallorca.org\/index.php\/wp-json\/wp\/v2\/pages\/187\/revisions\/188"}],"wp:attachment":[{"href":"https:\/\/accumallorca.org\/index.php\/wp-json\/wp\/v2\/media?parent=187"}],"curies":[{"name":"wp","href":"https:\/\/api.w.org\/{rel}","templated":true}]}}