{"id":474,"date":"2025-02-12T14:40:48","date_gmt":"2025-02-12T14:40:48","guid":{"rendered":"https:\/\/accumallorca.org\/?post_type=tribe_events&#038;p=474"},"modified":"2025-02-12T14:46:38","modified_gmt":"2025-02-12T14:46:38","slug":"gala-final-miss-world-illes-balears","status":"publish","type":"tribe_events","link":"https:\/\/accumallorca.org\/index.php\/event\/gala-final-miss-world-illes-balears\/","title":{"rendered":"Gala Final Miss World Illes Balears"},"content":{"rendered":"<div  class=\"tribe-events-schedule tribe-clearfix\" >\n\t<p class=\"tribe-events-schedule__datetime\">\n\t\t<span class=\"tribe-events-schedule__date tribe-events-schedule__date--start\">\n\t\t\tfebrero 23, 2025\t\t<\/span>\n\n\t\t\t\t\t<span class=\"tribe-events-schedule__separator tribe-events-schedule__separator--date\">\n\t\t\t\t de \t\t\t<\/span>\n\t\t\t<span class=\"tribe-events-schedule__time tribe-events-schedule__time--start\">\n\t\t\t\t20:00\t\t\t<\/span>\n\t\t\n\t\t\t\t\t\t\t\t\t<span class=\"tribe-events-schedule__separator tribe-events-schedule__separator--time\">\n\t\t\t\t\t a \t\t\t\t<\/span>\n\t\t\t\n\t\t\t\t\t\t\t<span class=\"tribe-events-schedule__time tribe-events-schedule__time--end\">\n\t\t\t\t\t23:00\t\t\t\t<\/span>\n\t\t\t\n\t\t\t\t\t\t<\/p>\n<\/div>\n\n\n\n<p>El pr\u00f3ximo domingo 23 de febrero se realizar\u00e1 la gala final donde se elegir\u00e1 la nueva Miss World Illes Balears 2025 en el que la recaudaci\u00f3n ser\u00e1 \u00edntegramente donada a nuestra organizaci\u00f3n ACCU Mallorca. <br>La celebraci\u00f3n se llevar\u00e1 a cabo en el Hotel Hipotels Playa de Palma Palace a las 20h. La entrada tendr\u00e1 un costo de 5\u20ac y se podr\u00e1 conseguir el mismo d\u00eda en la entrada.<br>Muchas gracias a la organizaci\u00f3n por esta oportunidad y permitirnos seguir realizando nuestra labor.<\/p>\n\n\n\n<p><\/p>\n\n\n<div  class=\"tribe-block tribe-block__event-price\" >\n\t\t<\/div>\n\n\n\n\n<div  class=\"tribe-block tribe-block__venue tribe-clearfix tribe-block__venue--has-map\" >\n\t\n\t\n<div class=\"tribe-block__venue__meta\">\n\t<div class=\"tribe-block__venue__name\">\n\t\t<h3>Hotel Hipotels Playa de Palma Palace<\/h3>\n\t<\/div>\n\n\t\n\t\t\t\t\t\t<address class=\"tribe-block__venue__address\">\n\t\t\t\t<span class=\"tribe-address\">\n\n<span class=\"tribe-street-address\">Avinguda de Fra Joan Llabr\u00e9s, 20, Platja de Palma, 07600 Palma, Illes Balears<\/span>\n\t\n\n\n\n\n<\/span>\n\n\t\t\t\t\t\t\t\t\t<a class=\"tribe-events-gmap\" href=\"https:\/\/maps.google.com\/maps?f=q&#038;source=s_q&#038;hl=en&#038;geocode=&#038;q=Avinguda+de+Fra+Joan+Llabr%C3%A9s%2C+20%2C+Platja+de+Palma%2C+07600+Palma%2C+Illes+Balears\" title=\"Haz clic para ver un mapa de Google\" target=\"_blank\" rel=\"noreferrer noopener\">+ Google Map<\/a>\t\t\t\t\t\t\t<\/address>\n\t\t\n\t\t\n\t\t\t\n\t<\/div>\n\t\n<div class=\"tribe-block__venue__map\">\n\t\n<iframe\n  title=\"Iframe de Google Maps mostrando la direcci\u00f3n a Hotel Hipotels Playa de Palma Palace\"\n  aria-label=\"Mapa de ubicaci\u00f3n del recinto\"\n  width=\"310px\"\n  height=\"256px\"\n  frameborder=\"0\" style=\"border:0\"\n  src=\"https:\/\/www.google.com\/maps\/embed\/v1\/place?key=AIzaSyDNsicAsP6-VuGtAb1O9riI3oc_NOb7IOU&#038;q=Avinguda+de+Fra+Joan+Llabr%C3%A9s%2C+20%2C+Platja+de+Palma%2C+07600+Palma%2C+Illes+Balears+&#038;zoom=10\" allowfullscreen>\n<\/iframe>\n<\/div>\n\n\t<\/div>\n\n\n\n<div class=\"wp-block-group is-vertical is-layout-flex wp-container-core-group-is-layout-8cf370e7 wp-block-group-is-layout-flex\">\n<details class=\"wp-block-details alignwide is-layout-flow wp-block-details-is-layout-flow\" open><summary>Aqu\u00ed os dejamos su Instagram<\/summary><div  class=\"tribe-block tribe-block__event-website\" >\n\t<a\n\t\thref=\"https:\/\/www.instagram.com\/mwsillesbaleares?utm_source=ig_web_button_share_sheet&#038;igsh=ZDNlZDc0MzIxNw==\"\n\t\ttarget=\"_self\"\n\t\t\t>\n\t\tInstagram\t<\/a>\n<\/div>\n\n\n\n<figure class=\"wp-block-image size-large\"><img fetchpriority=\"high\" decoding=\"async\" width=\"1024\" height=\"768\" src=\"https:\/\/accumallorca.org\/wp-content\/uploads\/2025\/02\/476463548_18106959073469939_6155856790250141532_n-1024x768.jpg\" alt=\"\" class=\"wp-image-477\" srcset=\"https:\/\/accumallorca.org\/wp-content\/uploads\/2025\/02\/476463548_18106959073469939_6155856790250141532_n-1024x768.jpg 1024w, https:\/\/accumallorca.org\/wp-content\/uploads\/2025\/02\/476463548_18106959073469939_6155856790250141532_n-300x225.jpg 300w, https:\/\/accumallorca.org\/wp-content\/uploads\/2025\/02\/476463548_18106959073469939_6155856790250141532_n-768x576.jpg 768w, https:\/\/accumallorca.org\/wp-content\/uploads\/2025\/02\/476463548_18106959073469939_6155856790250141532_n.jpg 1440w\" sizes=\"(max-width: 1024px) 100vw, 1024px\" \/><\/figure>\n<\/details>\n<\/div>\n\n\n\t<div  class=\"tribe-block tribe-block__events-link\" >\n\t\t<div class=\"tribe-events tribe-common\">\n\t\t\t<div class=\"tribe-events-c-subscribe-dropdown__container\">\n\t\t\t\t<div class=\"tribe-events-c-subscribe-dropdown\">\n\t\t\t\t\t<div class=\"tribe-common-c-btn-border tribe-events-c-subscribe-dropdown__button\">\n\t\t\t\t\t\t<svg\n\t class=\"tribe-common-c-svgicon tribe-common-c-svgicon--cal-export tribe-events-c-subscribe-dropdown__export-icon\" \taria-hidden=\"true\"\n\tviewBox=\"0 0 23 17\"\n\txmlns=\"http:\/\/www.w3.org\/2000\/svg\"\n>\n\t<path fill-rule=\"evenodd\" clip-rule=\"evenodd\" d=\"M.128.896V16.13c0 .211.145.383.323.383h15.354c.179 0 .323-.172.323-.383V.896c0-.212-.144-.383-.323-.383H.451C.273.513.128.684.128.896Zm16 6.742h-.901V4.679H1.009v10.729h14.218v-3.336h.901V7.638ZM1.01 1.614h14.218v2.058H1.009V1.614Z\" \/>\n\t<path d=\"M20.5 9.846H8.312M18.524 6.953l2.89 2.909-2.855 2.855\" stroke-width=\"1.2\" stroke-linecap=\"round\" stroke-linejoin=\"round\"\/>\n<\/svg>\n\t\t\t\t\t\t<button\n\t\t\t\t\t\t\tclass=\"tribe-events-c-subscribe-dropdown__button-text\"\n\t\t\t\t\t\t\taria-expanded=\"false\"\n\t\t\t\t\t\t\taria-controls=\"tribe-events-subscribe-dropdown-content\"\n\t\t\t\t\t\t\taria-label=\"Ver enlaces para a\u00f1adir eventos al calendario\"\n\t\t\t\t\t\t>\n\t\t\t\t\t\t\tA\u00f1adir al calendario\t\t\t\t\t\t<\/button>\n\t\t\t\t\t\t<svg\n\t class=\"tribe-common-c-svgicon tribe-common-c-svgicon--caret-down tribe-events-c-subscribe-dropdown__button-icon\" \taria-hidden=\"true\"\n\tviewBox=\"0 0 10 7\"\n\txmlns=\"http:\/\/www.w3.org\/2000\/svg\"\n>\n\t<path fill-rule=\"evenodd\" clip-rule=\"evenodd\" d=\"M1.008.609L5 4.6 8.992.61l.958.958L5 6.517.05 1.566l.958-.958z\" class=\"tribe-common-c-svgicon__svg-fill\"\/>\n<\/svg>\n\t\t\t\t\t<\/div>\n\t\t\t\t\t<div id=\"tribe-events-subscribe-dropdown-content\" class=\"tribe-events-c-subscribe-dropdown__content\">\n\t\t\t\t\t\t<ul class=\"tribe-events-c-subscribe-dropdown__list\">\n\t\t\t\t\t\t\t\t\t\t\t\t\t\t\t<li class=\"tribe-events-c-subscribe-dropdown__list-item tribe-events-c-subscribe-dropdown__list-item--gcal\">\n\t\t\t\t\t\t\t\t\t<a\n\t\t\t\t\t\t\t\t\t\thref=\"https:\/\/www.google.com\/calendar\/event?action=TEMPLATE&#038;dates=20250223T200000\/20250223T230000&#038;text=Gala%20Final%20Miss%20World%20Illes%20Balears&#038;details=%3Cp%3EEl+pr%C3%B3ximo+domingo+23+de+febrero+se+realizar%C3%A1+la+gala+final+donde+se+elegir%C3%A1+la+nueva+Miss+World+Illes+Balears+2025+en+el+que+la+recaudaci%C3%B3n+ser%C3%A1+%C3%ADntegramente+donada+a+nuestra+organizaci%C3%B3n+ACCU+Mallorca.+%3Cbr%3ELa+celebraci%C3%B3n+se+llevar%C3%A1+a+cabo+en+el+Hotel+Hipotels+Playa+de+Palma+Palace+a+las+20h.+La+entrada+tendr%C3%A1+un+costo+de+5%E2%82%AC+y+se+podr%C3%A1+conseguir+el+mismo+d%C3%ADa+en+la+entrada.%3Cbr%3EMuchas+gracias+a+la+organizaci%C3%B3n+por+esta+oportunidad+y+permitirnos+seguir+realizando+nuestra+labor.%3C%2Fp%3E+%3Cp%3E%3C%2Fp%3E+%3Cdiv+class%3D%22wp-block-group%22%3E%3Cdetails+class%3D%22wp-block-details+alignwide%22+open%3E%3Csummary%3EAqu%C3%AD+os+dejamos+su+Instagram%3C%2Fsummary%3E%3Cfigure+class%3D%22wp-block-image+size-large%22%3E%3Cimg+src%3D%22https%3A%2F%2Faccumallorca.org%2Fwp-content%2Fuploads%2F2025%2F02%2F476463548_18106959073469939_6155856790250141532_n-1024x768.jpg%22+alt%3D%22%22+class%3D%22wp-image-477%22%2F%3E%3C%2Ffigure%3E%3C%2Fdetails%3E%3C%2Fdiv%3E%3Cp%3E%3C%2Fp%3E+&#038;location=Hotel%20Hipotels%20Playa%20de%20Palma%20Palace,%20Avinguda%20de%20Fra%20Joan%20Llabr\u00e9s,%2020,%20Platja%20de%20Palma,%2007600%20Palma,%20Illes%20Balears&#038;trp=false&#038;ctz=UTC+0&#038;sprop=website:https:\/\/accumallorca.org\"\n\t\t\t\t\t\t\t\t\t\tclass=\"tribe-events-c-subscribe-dropdown__list-item-link\"\n\t\t\t\t\t\t\t\t\t\ttarget=\"_blank\"\n\t\t\t\t\t\t\t\t\t\trel=\"noopener noreferrer nofollow noindex\"\n\t\t\t\t\t\t\t\t\t>\n\t\t\t\t\t\t\t\t\t\tGoogle Calendar\t\t\t\t\t\t\t\t\t<\/a>\n\t\t\t\t\t\t\t\t<\/li>\n\t\t\t\t\t\t\t\t\t\t\t\t\t\t\t<li class=\"tribe-events-c-subscribe-dropdown__list-item tribe-events-c-subscribe-dropdown__list-item--ical\">\n\t\t\t\t\t\t\t\t\t<a\n\t\t\t\t\t\t\t\t\t\thref=\"\"\n\t\t\t\t\t\t\t\t\t\tclass=\"tribe-events-c-subscribe-dropdown__list-item-link\"\n\t\t\t\t\t\t\t\t\t\ttarget=\"_blank\"\n\t\t\t\t\t\t\t\t\t\trel=\"noopener noreferrer nofollow noindex\"\n\t\t\t\t\t\t\t\t\t>\n\t\t\t\t\t\t\t\t\t\tiCalendar\t\t\t\t\t\t\t\t\t<\/a>\n\t\t\t\t\t\t\t\t<\/li>\n\t\t\t\t\t\t\t\t\t\t\t\t\t\t\t<li class=\"tribe-events-c-subscribe-dropdown__list-item tribe-events-c-subscribe-dropdown__list-item--outlook-365\">\n\t\t\t\t\t\t\t\t\t<a\n\t\t\t\t\t\t\t\t\t\thref=\"\"\n\t\t\t\t\t\t\t\t\t\tclass=\"tribe-events-c-subscribe-dropdown__list-item-link\"\n\t\t\t\t\t\t\t\t\t\ttarget=\"_blank\"\n\t\t\t\t\t\t\t\t\t\trel=\"noopener noreferrer nofollow noindex\"\n\t\t\t\t\t\t\t\t\t>\n\t\t\t\t\t\t\t\t\t\tOutlook 365\t\t\t\t\t\t\t\t\t<\/a>\n\t\t\t\t\t\t\t\t<\/li>\n\t\t\t\t\t\t\t\t\t\t\t\t\t\t\t<li class=\"tribe-events-c-subscribe-dropdown__list-item tribe-events-c-subscribe-dropdown__list-item--outlook-live\">\n\t\t\t\t\t\t\t\t\t<a\n\t\t\t\t\t\t\t\t\t\thref=\"\"\n\t\t\t\t\t\t\t\t\t\tclass=\"tribe-events-c-subscribe-dropdown__list-item-link\"\n\t\t\t\t\t\t\t\t\t\ttarget=\"_blank\"\n\t\t\t\t\t\t\t\t\t\trel=\"noopener noreferrer nofollow noindex\"\n\t\t\t\t\t\t\t\t\t>\n\t\t\t\t\t\t\t\t\t\tOutlook Live\t\t\t\t\t\t\t\t\t<\/a>\n\t\t\t\t\t\t\t\t<\/li>\n\t\t\t\t\t\t\t\t\t\t\t\t\t<\/ul>\n\t\t\t\t\t<\/div>\n\t\t\t\t<\/div>\n\t\t\t<\/div>\n\t\t<\/div>\n\t<\/div>\n\n\n\n\n<p><\/p>\n","protected":false},"excerpt":{"rendered":"<p>El pr\u00f3ximo domingo 23 de febrero se realizar\u00e1 la gala final donde se elegir\u00e1 la nueva Miss World Illes Balears 2025 en el que la recaudaci\u00f3n ser\u00e1 \u00edntegramente donada a&#8230;<\/p>\n<div class='heateorSssClear'><\/div><div  class='heateor_sss_sharing_container heateor_sss_horizontal_sharing' data-heateor-sss-href='https:\/\/accumallorca.org\/index.php\/event\/gala-final-miss-world-illes-balears\/'><div class='heateor_sss_sharing_title' style=\"font-weight:bold\" >Compartelo en tus redes sociales<\/div><div class=\"heateor_sss_sharing_ul\"><a aria-label=\"Facebook\" class=\"heateor_sss_facebook\" href=\"https:\/\/www.facebook.com\/sharer\/sharer.php?u=https%3A%2F%2Faccumallorca.org%2Findex.php%2Fevent%2Fgala-final-miss-world-illes-balears%2F\" title=\"Facebook\" rel=\"nofollow noopener\" target=\"_blank\" style=\"font-size:32px!important;box-shadow:none;display:inline-block;vertical-align:middle\"><span class=\"heateor_sss_svg\" style=\"background-color:#0765FE;width:35px;height:35px;border-radius:999px;display:inline-block;opacity:1;float:left;font-size:32px;box-shadow:none;display:inline-block;font-size:16px;padding:0 4px;vertical-align:middle;background-repeat:repeat;overflow:hidden;padding:0;cursor:pointer;box-sizing:content-box\"><svg style=\"display:block;border-radius:999px;\" focusable=\"false\" aria-hidden=\"true\" xmlns=\"http:\/\/www.w3.org\/2000\/svg\" width=\"100%\" height=\"100%\" viewBox=\"0 0 32 32\"><path fill=\"#fff\" d=\"M28 16c0-6.627-5.373-12-12-12S4 9.373 4 16c0 5.628 3.875 10.35 9.101 11.647v-7.98h-2.474V16H13.1v-1.58c0-4.085 1.849-5.978 5.859-5.978.76 0 2.072.15 2.608.298v3.325c-.283-.03-.775-.045-1.386-.045-1.967 0-2.728.745-2.728 2.683V16h3.92l-.673 3.667h-3.247v8.245C23.395 27.195 28 22.135 28 16Z\"><\/path><\/svg><\/span><\/a><a aria-label=\"X\" class=\"heateor_sss_button_x\" href=\"https:\/\/twitter.com\/intent\/tweet?text=Gala%20Final%20Miss%20World%20Illes%20Balears&url=https%3A%2F%2Faccumallorca.org%2Findex.php%2Fevent%2Fgala-final-miss-world-illes-balears%2F\" title=\"X\" rel=\"nofollow noopener\" target=\"_blank\" style=\"font-size:32px!important;box-shadow:none;display:inline-block;vertical-align:middle\"><span class=\"heateor_sss_svg heateor_sss_s__default heateor_sss_s_x\" style=\"background-color:#2a2a2a;width:35px;height:35px;border-radius:999px;display:inline-block;opacity:1;float:left;font-size:32px;box-shadow:none;display:inline-block;font-size:16px;padding:0 4px;vertical-align:middle;background-repeat:repeat;overflow:hidden;padding:0;cursor:pointer;box-sizing:content-box\"><svg width=\"100%\" height=\"100%\" style=\"display:block;border-radius:999px;\" focusable=\"false\" aria-hidden=\"true\" xmlns=\"http:\/\/www.w3.org\/2000\/svg\" viewBox=\"0 0 32 32\"><path fill=\"#fff\" d=\"M21.751 7h3.067l-6.7 7.658L26 25.078h-6.172l-4.833-6.32-5.531 6.32h-3.07l7.167-8.19L6 7h6.328l4.37 5.777L21.75 7Zm-1.076 16.242h1.7L11.404 8.74H9.58l11.094 14.503Z\"><\/path><\/svg><\/span><\/a><a aria-label=\"Linkedin\" class=\"heateor_sss_button_linkedin\" href=\"https:\/\/www.linkedin.com\/sharing\/share-offsite\/?url=https%3A%2F%2Faccumallorca.org%2Findex.php%2Fevent%2Fgala-final-miss-world-illes-balears%2F\" title=\"Linkedin\" rel=\"nofollow noopener\" target=\"_blank\" style=\"font-size:32px!important;box-shadow:none;display:inline-block;vertical-align:middle\"><span class=\"heateor_sss_svg heateor_sss_s__default heateor_sss_s_linkedin\" style=\"background-color:#0077b5;width:35px;height:35px;border-radius:999px;display:inline-block;opacity:1;float:left;font-size:32px;box-shadow:none;display:inline-block;font-size:16px;padding:0 4px;vertical-align:middle;background-repeat:repeat;overflow:hidden;padding:0;cursor:pointer;box-sizing:content-box\"><svg style=\"display:block;border-radius:999px;\" focusable=\"false\" aria-hidden=\"true\" xmlns=\"http:\/\/www.w3.org\/2000\/svg\" width=\"100%\" height=\"100%\" viewBox=\"0 0 32 32\"><path d=\"M6.227 12.61h4.19v13.48h-4.19V12.61zm2.095-6.7a2.43 2.43 0 0 1 0 4.86c-1.344 0-2.428-1.09-2.428-2.43s1.084-2.43 2.428-2.43m4.72 6.7h4.02v1.84h.058c.56-1.058 1.927-2.176 3.965-2.176 4.238 0 5.02 2.792 5.02 6.42v7.395h-4.183v-6.56c0-1.564-.03-3.574-2.178-3.574-2.18 0-2.514 1.7-2.514 3.46v6.668h-4.187V12.61z\" fill=\"#fff\"><\/path><\/svg><\/span><\/a><a aria-label=\"Whatsapp\" class=\"heateor_sss_whatsapp\" href=\"https:\/\/api.whatsapp.com\/send?text=Gala%20Final%20Miss%20World%20Illes%20Balears%20https%3A%2F%2Faccumallorca.org%2Findex.php%2Fevent%2Fgala-final-miss-world-illes-balears%2F\" title=\"Whatsapp\" rel=\"nofollow noopener\" target=\"_blank\" style=\"font-size:32px!important;box-shadow:none;display:inline-block;vertical-align:middle\"><span class=\"heateor_sss_svg\" style=\"background-color:#55eb4c;width:35px;height:35px;border-radius:999px;display:inline-block;opacity:1;float:left;font-size:32px;box-shadow:none;display:inline-block;font-size:16px;padding:0 4px;vertical-align:middle;background-repeat:repeat;overflow:hidden;padding:0;cursor:pointer;box-sizing:content-box\"><svg style=\"display:block;border-radius:999px;\" focusable=\"false\" aria-hidden=\"true\" xmlns=\"http:\/\/www.w3.org\/2000\/svg\" width=\"100%\" height=\"100%\" viewBox=\"-6 -5 40 40\"><path class=\"heateor_sss_svg_stroke heateor_sss_no_fill\" stroke=\"#fff\" stroke-width=\"2\" fill=\"none\" d=\"M 11.579798566743314 24.396926207859085 A 10 10 0 1 0 6.808479557110079 20.73576436351046\"><\/path><path d=\"M 7 19 l -1 6 l 6 -1\" class=\"heateor_sss_no_fill heateor_sss_svg_stroke\" stroke=\"#fff\" stroke-width=\"2\" fill=\"none\"><\/path><path d=\"M 10 10 q -1 8 8 11 c 5 -1 0 -6 -1 -3 q -4 -3 -5 -5 c 4 -2 -1 -5 -1 -4\" fill=\"#fff\"><\/path><\/svg><\/span><\/a><a aria-label=\"Instagram\" class=\"heateor_sss_button_instagram\" href=\"https:\/\/www.instagram.com\/\" title=\"Instagram\" rel=\"nofollow noopener\" target=\"_blank\" style=\"font-size:32px!important;box-shadow:none;display:inline-block;vertical-align:middle\"><span class=\"heateor_sss_svg\" style=\"background-color:#53beee;width:35px;height:35px;border-radius:999px;display:inline-block;opacity:1;float:left;font-size:32px;box-shadow:none;display:inline-block;font-size:16px;padding:0 4px;vertical-align:middle;background-repeat:repeat;overflow:hidden;padding:0;cursor:pointer;box-sizing:content-box\"><svg style=\"display:block;border-radius:999px;\" version=\"1.1\" viewBox=\"-10 -10 148 148\" width=\"100%\" height=\"100%\" xml:space=\"preserve\" xmlns=\"http:\/\/www.w3.org\/2000\/svg\" xmlns:xlink=\"http:\/\/www.w3.org\/1999\/xlink\"><g><g><path d=\"M86,112H42c-14.336,0-26-11.663-26-26V42c0-14.337,11.664-26,26-26h44c14.337,0,26,11.663,26,26v44 C112,100.337,100.337,112,86,112z M42,24c-9.925,0-18,8.074-18,18v44c0,9.925,8.075,18,18,18h44c9.926,0,18-8.075,18-18V42 c0-9.926-8.074-18-18-18H42z\" fill=\"#fff\"><\/path><\/g><g><path d=\"M64,88c-13.234,0-24-10.767-24-24c0-13.234,10.766-24,24-24s24,10.766,24,24C88,77.233,77.234,88,64,88z M64,48c-8.822,0-16,7.178-16,16s7.178,16,16,16c8.822,0,16-7.178,16-16S72.822,48,64,48z\" fill=\"#fff\"><\/path><\/g><g><circle cx=\"89.5\" cy=\"38.5\" fill=\"#fff\" r=\"5.5\"><\/circle><\/g><\/g><\/svg><\/span><\/a><a aria-label=\"Telegram\" class=\"heateor_sss_button_telegram\" href=\"https:\/\/telegram.me\/share\/url?url=https%3A%2F%2Faccumallorca.org%2Findex.php%2Fevent%2Fgala-final-miss-world-illes-balears%2F&text=Gala%20Final%20Miss%20World%20Illes%20Balears\" title=\"Telegram\" rel=\"nofollow noopener\" target=\"_blank\" style=\"font-size:32px!important;box-shadow:none;display:inline-block;vertical-align:middle\"><span class=\"heateor_sss_svg heateor_sss_s__default heateor_sss_s_telegram\" style=\"background-color:#3da5f1;width:35px;height:35px;border-radius:999px;display:inline-block;opacity:1;float:left;font-size:32px;box-shadow:none;display:inline-block;font-size:16px;padding:0 4px;vertical-align:middle;background-repeat:repeat;overflow:hidden;padding:0;cursor:pointer;box-sizing:content-box\"><svg style=\"display:block;border-radius:999px;\" focusable=\"false\" aria-hidden=\"true\" xmlns=\"http:\/\/www.w3.org\/2000\/svg\" width=\"100%\" height=\"100%\" viewBox=\"0 0 32 32\"><path fill=\"#fff\" d=\"M25.515 6.896L6.027 14.41c-1.33.534-1.322 1.276-.243 1.606l5 1.56 1.72 5.66c.226.625.115.873.77.873.506 0 .73-.235 1.012-.51l2.43-2.363 5.056 3.734c.93.514 1.602.25 1.834-.863l3.32-15.638c.338-1.363-.52-1.98-1.41-1.577z\"><\/path><\/svg><\/span><\/a><\/div><div class=\"heateorSssClear\"><\/div><\/div><div class='heateorSssClear'><\/div>","protected":false},"author":8,"featured_media":0,"comment_status":"open","ping_status":"closed","template":"","meta":{"_EventAllDay":false,"_EventTimezone":"UTC+0","_EventStartDate":"2025-02-23 20:00:00","_EventEndDate":"2025-02-23 23:00:00","_EventStartDateUTC":"2025-02-23 20:00:00","_EventEndDateUTC":"2025-02-23 23:00:00","_EventShowMap":false,"_EventShowMapLink":false,"_EventURL":"https:\/\/www.instagram.com\/mwsillesbaleares?utm_source=ig_web_button_share_sheet&igsh=ZDNlZDc0MzIxNw==","_EventCost":"","_EventCostDescription":"","_EventCurrencySymbol":"$","_EventCurrencyCode":"USD","_EventCurrencyPosition":"prefix","_EventDateTimeSeparator":" de ","_EventTimeRangeSeparator":" a ","_EventOrganizerID":[],"_EventVenueID":[475],"_OrganizerEmail":"","_OrganizerPhone":"","_OrganizerWebsite":"","_VenueAddress":"","_VenueCity":"","_VenueCountry":"","_VenueProvince":"","_VenueState":"","_VenueZip":"","_VenuePhone":"","_VenueURL":"","_VenueStateProvince":"","_VenueLat":"","_VenueLng":"","_VenueShowMap":false,"_VenueShowMapLink":false,"_kad_post_transparent":"","_kad_post_title":"","_kad_post_layout":"","_kad_post_sidebar_id":"","_kad_post_content_style":"","_kad_post_vertical_padding":"","_kad_post_feature":"","_kad_post_feature_position":"","_kad_post_header":false,"_kad_post_footer":false,"_kad_post_classname":"","_tribe_events_status":"","_tribe_events_status_reason":"","footnotes":""},"tags":[],"tribe_events_cat":[23],"class_list":["post-474","tribe_events","type-tribe_events","status-publish","hentry","tribe_events_cat-ocio","cat_ocio"],"yoast_head":"<!-- This site is optimized with the Yoast SEO plugin v27.5 - https:\/\/yoast.com\/product\/yoast-seo-wordpress\/ -->\n<title>Gala Final Miss World Illes Balears - ACCU Mallorca<\/title>\n<meta name=\"robots\" content=\"index, follow, max-snippet:-1, max-image-preview:large, max-video-preview:-1\" \/>\n<link rel=\"canonical\" href=\"https:\/\/accumallorca.org\/index.php\/event\/gala-final-miss-world-illes-balears\/\" \/>\n<meta property=\"og:locale\" content=\"es_ES\" \/>\n<meta property=\"og:type\" content=\"article\" \/>\n<meta property=\"og:title\" content=\"Gala Final Miss World Illes Balears - ACCU Mallorca\" \/>\n<meta property=\"og:description\" content=\"El pr\u00f3ximo domingo 23 de febrero se realizar\u00e1 la gala final donde se elegir\u00e1 la nueva Miss World Illes Balears 2025 en el que la recaudaci\u00f3n ser\u00e1 \u00edntegramente donada a...\" \/>\n<meta property=\"og:url\" content=\"https:\/\/accumallorca.org\/index.php\/event\/gala-final-miss-world-illes-balears\/\" \/>\n<meta property=\"og:site_name\" content=\"ACCU Mallorca\" \/>\n<meta property=\"article:publisher\" content=\"https:\/\/www.facebook.com\/profile.php?id=100089161805064&amp;comment_id=Y29tbWVudDo1NzU2ODAyNDY0NDQxMzgzXzkwOTQ5NjMxNjkyOTI0NQ&amp;locale=es_ES\" \/>\n<meta property=\"article:modified_time\" content=\"2025-02-12T14:46:38+00:00\" \/>\n<meta property=\"og:image\" content=\"https:\/\/accumallorca.org\/wp-content\/uploads\/2025\/02\/476463548_18106959073469939_6155856790250141532_n-1024x768.jpg\" \/>\n<meta name=\"twitter:card\" content=\"summary_large_image\" \/>\n<meta name=\"twitter:label1\" content=\"Tiempo de lectura\" \/>\n\t<meta name=\"twitter:data1\" content=\"1 minuto\" \/>\n<script type=\"application\/ld+json\" class=\"yoast-schema-graph\">{\"@context\":\"https:\\\/\\\/schema.org\",\"@graph\":[{\"@type\":\"WebPage\",\"@id\":\"https:\\\/\\\/accumallorca.org\\\/index.php\\\/event\\\/gala-final-miss-world-illes-balears\\\/\",\"url\":\"https:\\\/\\\/accumallorca.org\\\/index.php\\\/event\\\/gala-final-miss-world-illes-balears\\\/\",\"name\":\"Gala Final Miss World Illes Balears - ACCU Mallorca\",\"isPartOf\":{\"@id\":\"https:\\\/\\\/accumallorca.org\\\/#website\"},\"primaryImageOfPage\":{\"@id\":\"https:\\\/\\\/accumallorca.org\\\/index.php\\\/event\\\/gala-final-miss-world-illes-balears\\\/#primaryimage\"},\"image\":{\"@id\":\"https:\\\/\\\/accumallorca.org\\\/index.php\\\/event\\\/gala-final-miss-world-illes-balears\\\/#primaryimage\"},\"thumbnailUrl\":\"https:\\\/\\\/accumallorca.org\\\/wp-content\\\/uploads\\\/2025\\\/02\\\/476463548_18106959073469939_6155856790250141532_n-1024x768.jpg\",\"datePublished\":\"2025-02-12T14:40:48+00:00\",\"dateModified\":\"2025-02-12T14:46:38+00:00\",\"breadcrumb\":{\"@id\":\"https:\\\/\\\/accumallorca.org\\\/index.php\\\/event\\\/gala-final-miss-world-illes-balears\\\/#breadcrumb\"},\"inLanguage\":\"es\",\"potentialAction\":[{\"@type\":\"ReadAction\",\"target\":[\"https:\\\/\\\/accumallorca.org\\\/index.php\\\/event\\\/gala-final-miss-world-illes-balears\\\/\"]}]},{\"@type\":\"ImageObject\",\"inLanguage\":\"es\",\"@id\":\"https:\\\/\\\/accumallorca.org\\\/index.php\\\/event\\\/gala-final-miss-world-illes-balears\\\/#primaryimage\",\"url\":\"https:\\\/\\\/accumallorca.org\\\/wp-content\\\/uploads\\\/2025\\\/02\\\/476463548_18106959073469939_6155856790250141532_n.jpg\",\"contentUrl\":\"https:\\\/\\\/accumallorca.org\\\/wp-content\\\/uploads\\\/2025\\\/02\\\/476463548_18106959073469939_6155856790250141532_n.jpg\",\"width\":1440,\"height\":1080},{\"@type\":\"BreadcrumbList\",\"@id\":\"https:\\\/\\\/accumallorca.org\\\/index.php\\\/event\\\/gala-final-miss-world-illes-balears\\\/#breadcrumb\",\"itemListElement\":[{\"@type\":\"ListItem\",\"position\":1,\"name\":\"Portada\",\"item\":\"https:\\\/\\\/accumallorca.org\\\/\"},{\"@type\":\"ListItem\",\"position\":2,\"name\":\"Eventos\",\"item\":\"https:\\\/\\\/accumallorca.org\\\/index.php\\\/events\\\/\"},{\"@type\":\"ListItem\",\"position\":3,\"name\":\"Gala Final Miss World Illes Balears\"}]},{\"@type\":\"WebSite\",\"@id\":\"https:\\\/\\\/accumallorca.org\\\/#website\",\"url\":\"https:\\\/\\\/accumallorca.org\\\/\",\"name\":\"ACCU Mallorca\",\"description\":\"Enfermos de EII\",\"publisher\":{\"@id\":\"https:\\\/\\\/accumallorca.org\\\/#organization\"},\"potentialAction\":[{\"@type\":\"SearchAction\",\"target\":{\"@type\":\"EntryPoint\",\"urlTemplate\":\"https:\\\/\\\/accumallorca.org\\\/?s={search_term_string}\"},\"query-input\":{\"@type\":\"PropertyValueSpecification\",\"valueRequired\":true,\"valueName\":\"search_term_string\"}}],\"inLanguage\":\"es\"},{\"@type\":\"Organization\",\"@id\":\"https:\\\/\\\/accumallorca.org\\\/#organization\",\"name\":\"ACCU Mallorca\",\"url\":\"https:\\\/\\\/accumallorca.org\\\/\",\"logo\":{\"@type\":\"ImageObject\",\"inLanguage\":\"es\",\"@id\":\"https:\\\/\\\/accumallorca.org\\\/#\\\/schema\\\/logo\\\/image\\\/\",\"url\":\"https:\\\/\\\/accumallorca.org\\\/wp-content\\\/uploads\\\/2024\\\/06\\\/cropped-Logo-suspendido-2.png\",\"contentUrl\":\"https:\\\/\\\/accumallorca.org\\\/wp-content\\\/uploads\\\/2024\\\/06\\\/cropped-Logo-suspendido-2.png\",\"width\":160,\"height\":160,\"caption\":\"ACCU Mallorca\"},\"image\":{\"@id\":\"https:\\\/\\\/accumallorca.org\\\/#\\\/schema\\\/logo\\\/image\\\/\"},\"sameAs\":[\"https:\\\/\\\/www.facebook.com\\\/profile.php?id=100089161805064&comment_id=Y29tbWVudDo1NzU2ODAyNDY0NDQxMzgzXzkwOTQ5NjMxNjkyOTI0NQ&locale=es_ES\"]}]}<\/script>\n<!-- \/ Yoast SEO plugin. -->","yoast_head_json":{"title":"Gala Final Miss World Illes Balears - ACCU Mallorca","robots":{"index":"index","follow":"follow","max-snippet":"max-snippet:-1","max-image-preview":"max-image-preview:large","max-video-preview":"max-video-preview:-1"},"canonical":"https:\/\/accumallorca.org\/index.php\/event\/gala-final-miss-world-illes-balears\/","og_locale":"es_ES","og_type":"article","og_title":"Gala Final Miss World Illes Balears - ACCU Mallorca","og_description":"El pr\u00f3ximo domingo 23 de febrero se realizar\u00e1 la gala final donde se elegir\u00e1 la nueva Miss World Illes Balears 2025 en el que la recaudaci\u00f3n ser\u00e1 \u00edntegramente donada a...","og_url":"https:\/\/accumallorca.org\/index.php\/event\/gala-final-miss-world-illes-balears\/","og_site_name":"ACCU Mallorca","article_publisher":"https:\/\/www.facebook.com\/profile.php?id=100089161805064&comment_id=Y29tbWVudDo1NzU2ODAyNDY0NDQxMzgzXzkwOTQ5NjMxNjkyOTI0NQ&locale=es_ES","article_modified_time":"2025-02-12T14:46:38+00:00","og_image":[{"url":"https:\/\/accumallorca.org\/wp-content\/uploads\/2025\/02\/476463548_18106959073469939_6155856790250141532_n-1024x768.jpg","type":"","width":"","height":""}],"twitter_card":"summary_large_image","twitter_misc":{"Tiempo de lectura":"1 minuto"},"schema":{"@context":"https:\/\/schema.org","@graph":[{"@type":"WebPage","@id":"https:\/\/accumallorca.org\/index.php\/event\/gala-final-miss-world-illes-balears\/","url":"https:\/\/accumallorca.org\/index.php\/event\/gala-final-miss-world-illes-balears\/","name":"Gala Final Miss World Illes Balears - ACCU Mallorca","isPartOf":{"@id":"https:\/\/accumallorca.org\/#website"},"primaryImageOfPage":{"@id":"https:\/\/accumallorca.org\/index.php\/event\/gala-final-miss-world-illes-balears\/#primaryimage"},"image":{"@id":"https:\/\/accumallorca.org\/index.php\/event\/gala-final-miss-world-illes-balears\/#primaryimage"},"thumbnailUrl":"https:\/\/accumallorca.org\/wp-content\/uploads\/2025\/02\/476463548_18106959073469939_6155856790250141532_n-1024x768.jpg","datePublished":"2025-02-12T14:40:48+00:00","dateModified":"2025-02-12T14:46:38+00:00","breadcrumb":{"@id":"https:\/\/accumallorca.org\/index.php\/event\/gala-final-miss-world-illes-balears\/#breadcrumb"},"inLanguage":"es","potentialAction":[{"@type":"ReadAction","target":["https:\/\/accumallorca.org\/index.php\/event\/gala-final-miss-world-illes-balears\/"]}]},{"@type":"ImageObject","inLanguage":"es","@id":"https:\/\/accumallorca.org\/index.php\/event\/gala-final-miss-world-illes-balears\/#primaryimage","url":"https:\/\/accumallorca.org\/wp-content\/uploads\/2025\/02\/476463548_18106959073469939_6155856790250141532_n.jpg","contentUrl":"https:\/\/accumallorca.org\/wp-content\/uploads\/2025\/02\/476463548_18106959073469939_6155856790250141532_n.jpg","width":1440,"height":1080},{"@type":"BreadcrumbList","@id":"https:\/\/accumallorca.org\/index.php\/event\/gala-final-miss-world-illes-balears\/#breadcrumb","itemListElement":[{"@type":"ListItem","position":1,"name":"Portada","item":"https:\/\/accumallorca.org\/"},{"@type":"ListItem","position":2,"name":"Eventos","item":"https:\/\/accumallorca.org\/index.php\/events\/"},{"@type":"ListItem","position":3,"name":"Gala Final Miss World Illes Balears"}]},{"@type":"WebSite","@id":"https:\/\/accumallorca.org\/#website","url":"https:\/\/accumallorca.org\/","name":"ACCU Mallorca","description":"Enfermos de EII","publisher":{"@id":"https:\/\/accumallorca.org\/#organization"},"potentialAction":[{"@type":"SearchAction","target":{"@type":"EntryPoint","urlTemplate":"https:\/\/accumallorca.org\/?s={search_term_string}"},"query-input":{"@type":"PropertyValueSpecification","valueRequired":true,"valueName":"search_term_string"}}],"inLanguage":"es"},{"@type":"Organization","@id":"https:\/\/accumallorca.org\/#organization","name":"ACCU Mallorca","url":"https:\/\/accumallorca.org\/","logo":{"@type":"ImageObject","inLanguage":"es","@id":"https:\/\/accumallorca.org\/#\/schema\/logo\/image\/","url":"https:\/\/accumallorca.org\/wp-content\/uploads\/2024\/06\/cropped-Logo-suspendido-2.png","contentUrl":"https:\/\/accumallorca.org\/wp-content\/uploads\/2024\/06\/cropped-Logo-suspendido-2.png","width":160,"height":160,"caption":"ACCU Mallorca"},"image":{"@id":"https:\/\/accumallorca.org\/#\/schema\/logo\/image\/"},"sameAs":["https:\/\/www.facebook.com\/profile.php?id=100089161805064&comment_id=Y29tbWVudDo1NzU2ODAyNDY0NDQxMzgzXzkwOTQ5NjMxNjkyOTI0NQ&locale=es_ES"]}]}},"_links":{"self":[{"href":"https:\/\/accumallorca.org\/index.php\/wp-json\/wp\/v2\/tribe_events\/474","targetHints":{"allow":["GET"]}}],"collection":[{"href":"https:\/\/accumallorca.org\/index.php\/wp-json\/wp\/v2\/tribe_events"}],"about":[{"href":"https:\/\/accumallorca.org\/index.php\/wp-json\/wp\/v2\/types\/tribe_events"}],"author":[{"embeddable":true,"href":"https:\/\/accumallorca.org\/index.php\/wp-json\/wp\/v2\/users\/8"}],"replies":[{"embeddable":true,"href":"https:\/\/accumallorca.org\/index.php\/wp-json\/wp\/v2\/comments?post=474"}],"version-history":[{"count":4,"href":"https:\/\/accumallorca.org\/index.php\/wp-json\/wp\/v2\/tribe_events\/474\/revisions"}],"predecessor-version":[{"id":483,"href":"https:\/\/accumallorca.org\/index.php\/wp-json\/wp\/v2\/tribe_events\/474\/revisions\/483"}],"wp:attachment":[{"href":"https:\/\/accumallorca.org\/index.php\/wp-json\/wp\/v2\/media?parent=474"}],"wp:term":[{"taxonomy":"post_tag","embeddable":true,"href":"https:\/\/accumallorca.org\/index.php\/wp-json\/wp\/v2\/tags?post=474"},{"taxonomy":"tribe_events_cat","embeddable":true,"href":"https:\/\/accumallorca.org\/index.php\/wp-json\/wp\/v2\/tribe_events_cat?post=474"}],"curies":[{"name":"wp","href":"https:\/\/api.w.org\/{rel}","templated":true}]}}